{"id":5855,"date":"2014-11-24T20:07:26","date_gmt":"2014-11-24T23:07:26","guid":{"rendered":"http:\/\/www.rubendario.cl\/sitio\/?page_id=5855"},"modified":"2014-11-24T20:07:26","modified_gmt":"2014-11-24T23:07:26","slug":"festival-de-la-voz-2014","status":"publish","type":"page","link":"https:\/\/www.rubendario.cl\/sitio\/festival-de-la-voz-2014\/","title":{"rendered":"Festival de la Voz 2014"},"content":{"rendered":"<p><img loading=\"lazy\" decoding=\"async\" class=\"alignleft size-medium wp-image-5705\" src=\"http:\/\/www.rubendario.cl\/sitio\/wp-content\/uploads\/2014\/11\/logo-horizontal-word-300x84.jpg\" alt=\"\" width=\"300\" height=\"84\" srcset=\"https:\/\/www.rubendario.cl\/sitio\/wp-content\/uploads\/2014\/11\/logo-horizontal-word-300x84.jpg 300w, https:\/\/www.rubendario.cl\/sitio\/wp-content\/uploads\/2014\/11\/logo-horizontal-word.jpg 438w\" sizes=\"auto, (max-width: 300px) 100vw, 300px\" \/>Un excelente espect\u00e1culo result\u00f3 el Primer Festival De la Voz, organizado por los Cuartos medios, el cual naci\u00f3 como un desaf\u00edo planteado desde la asignatura de Educaci\u00f3n Musical a cargo del profesor Luis Romero.<\/p>\n<p>Felicitamos a todos los alumnos y alumnas que participaron con hermosas canciones y a los organizadores, quienes viven su \u00faltimo a\u00f1o en nuestro colegio por su dedicaci\u00f3n y responsabilidad por este lindo festival, y que al mismo tiempo, dejan un lindo desaf\u00edo para los actuales terceros medios para la segunda versi\u00f3n del pr\u00f3ximo a\u00f1o.<\/p>\n<h3 style=\"text-align: center;\">Listado de Premiaci\u00f3n<\/h3>\n<p><a href=\"http:\/\/www.rubendario.cl\/sitio\/wp-content\/uploads\/2014\/11\/GanadoresFestivalDeLaVoz-2014.pdf\"><img loading=\"lazy\" decoding=\"async\" class=\"aligncenter size-full wp-image-436\" src=\"http:\/\/www.rubendario.cl\/sitio\/wp-content\/uploads\/2011\/04\/descargaraqui.jpg\" alt=\"\" width=\"200\" height=\"85\" \/><\/a><\/p>\n<p>&nbsp;<\/p>\n<p style=\"text-align: center;\"><a href=\"http:\/\/www.rubendario.cl\/sitio\/wp-content\/uploads\/2014\/11\/FestivalDeLaVoz.jpg\"><img loading=\"lazy\" decoding=\"async\" class=\"aligncenter size-large wp-image-5707\" src=\"http:\/\/www.rubendario.cl\/sitio\/wp-content\/uploads\/2014\/11\/FestivalDeLaVoz-460x305.jpg\" alt=\"\" width=\"460\" height=\"305\" srcset=\"https:\/\/www.rubendario.cl\/sitio\/wp-content\/uploads\/2014\/11\/FestivalDeLaVoz-460x305.jpg 460w, https:\/\/www.rubendario.cl\/sitio\/wp-content\/uploads\/2014\/11\/FestivalDeLaVoz-300x199.jpg 300w, https:\/\/www.rubendario.cl\/sitio\/wp-content\/uploads\/2014\/11\/FestivalDeLaVoz.jpg 960w\" sizes=\"auto, (max-width: 460px) 100vw, 460px\" \/><\/a><\/p>\n<p style=\"text-align: center;\">Haz Clic en la imagen para agrandar<\/p>\n<div id='gallery-1' class='gallery galleryid-5855 gallery-columns-3 gallery-size-thumbnail'><figure class='gallery-item'>\n\t\t\t<div class='gallery-icon landscape'>\n\t\t\t\t<a href='https:\/\/www.rubendario.cl\/sitio\/festival-de-la-voz-2014\/001-4\/'><img loading=\"lazy\" decoding=\"async\" width=\"150\" height=\"150\" src=\"https:\/\/www.rubendario.cl\/sitio\/wp-content\/uploads\/2014\/11\/0012-150x150.jpg\" class=\"attachment-thumbnail size-thumbnail\" alt=\"\" \/><\/a>\n\t\t\t<\/div><\/figure><figure class='gallery-item'>\n\t\t\t<div class='gallery-icon landscape'>\n\t\t\t\t<a href='https:\/\/www.rubendario.cl\/sitio\/festival-de-la-voz-2014\/002-4\/'><img loading=\"lazy\" decoding=\"async\" width=\"150\" height=\"150\" src=\"https:\/\/www.rubendario.cl\/sitio\/wp-content\/uploads\/2014\/11\/0022-150x150.jpg\" class=\"attachment-thumbnail size-thumbnail\" alt=\"\" \/><\/a>\n\t\t\t<\/div><\/figure><figure class='gallery-item'>\n\t\t\t<div class='gallery-icon landscape'>\n\t\t\t\t<a href='https:\/\/www.rubendario.cl\/sitio\/festival-de-la-voz-2014\/003-4\/'><img loading=\"lazy\" decoding=\"async\" width=\"150\" height=\"150\" src=\"https:\/\/www.rubendario.cl\/sitio\/wp-content\/uploads\/2014\/11\/0032-150x150.jpg\" class=\"attachment-thumbnail size-thumbnail\" alt=\"\" \/><\/a>\n\t\t\t<\/div><\/figure><figure class='gallery-item'>\n\t\t\t<div class='gallery-icon landscape'>\n\t\t\t\t<a href='https:\/\/www.rubendario.cl\/sitio\/festival-de-la-voz-2014\/004-4\/'><img loading=\"lazy\" decoding=\"async\" width=\"150\" height=\"150\" src=\"https:\/\/www.rubendario.cl\/sitio\/wp-content\/uploads\/2014\/11\/0042-150x150.jpg\" class=\"attachment-thumbnail size-thumbnail\" alt=\"\" \/><\/a>\n\t\t\t<\/div><\/figure><figure class='gallery-item'>\n\t\t\t<div class='gallery-icon landscape'>\n\t\t\t\t<a href='https:\/\/www.rubendario.cl\/sitio\/festival-de-la-voz-2014\/005-4\/'><img loading=\"lazy\" decoding=\"async\" width=\"150\" height=\"150\" src=\"https:\/\/www.rubendario.cl\/sitio\/wp-content\/uploads\/2014\/11\/0052-150x150.jpg\" class=\"attachment-thumbnail size-thumbnail\" alt=\"\" \/><\/a>\n\t\t\t<\/div><\/figure><figure class='gallery-item'>\n\t\t\t<div class='gallery-icon landscape'>\n\t\t\t\t<a href='https:\/\/www.rubendario.cl\/sitio\/festival-de-la-voz-2014\/006-2\/'><img loading=\"lazy\" decoding=\"async\" width=\"150\" height=\"150\" src=\"https:\/\/www.rubendario.cl\/sitio\/wp-content\/uploads\/2014\/11\/006-150x150.jpg\" class=\"attachment-thumbnail size-thumbnail\" alt=\"\" \/><\/a>\n\t\t\t<\/div><\/figure><figure class='gallery-item'>\n\t\t\t<div class='gallery-icon landscape'>\n\t\t\t\t<a href='https:\/\/www.rubendario.cl\/sitio\/festival-de-la-voz-2014\/007-2\/'><img loading=\"lazy\" decoding=\"async\" width=\"150\" height=\"150\" src=\"https:\/\/www.rubendario.cl\/sitio\/wp-content\/uploads\/2014\/11\/007-150x150.jpg\" class=\"attachment-thumbnail size-thumbnail\" alt=\"\" \/><\/a>\n\t\t\t<\/div><\/figure><figure class='gallery-item'>\n\t\t\t<div class='gallery-icon landscape'>\n\t\t\t\t<a href='https:\/\/www.rubendario.cl\/sitio\/festival-de-la-voz-2014\/008-2\/'><img loading=\"lazy\" decoding=\"async\" width=\"150\" height=\"150\" src=\"https:\/\/www.rubendario.cl\/sitio\/wp-content\/uploads\/2014\/11\/008-150x150.jpg\" class=\"attachment-thumbnail size-thumbnail\" alt=\"\" \/><\/a>\n\t\t\t<\/div><\/figure><figure class='gallery-item'>\n\t\t\t<div class='gallery-icon landscape'>\n\t\t\t\t<a href='https:\/\/www.rubendario.cl\/sitio\/festival-de-la-voz-2014\/009-2\/'><img loading=\"lazy\" decoding=\"async\" width=\"150\" height=\"150\" src=\"https:\/\/www.rubendario.cl\/sitio\/wp-content\/uploads\/2014\/11\/009-150x150.jpg\" class=\"attachment-thumbnail size-thumbnail\" alt=\"\" \/><\/a>\n\t\t\t<\/div><\/figure><figure class='gallery-item'>\n\t\t\t<div class='gallery-icon landscape'>\n\t\t\t\t<a href='https:\/\/www.rubendario.cl\/sitio\/festival-de-la-voz-2014\/010-2\/'><img loading=\"lazy\" decoding=\"async\" width=\"150\" height=\"150\" src=\"https:\/\/www.rubendario.cl\/sitio\/wp-content\/uploads\/2014\/11\/010-150x150.jpg\" class=\"attachment-thumbnail size-thumbnail\" alt=\"\" \/><\/a>\n\t\t\t<\/div><\/figure><figure class='gallery-item'>\n\t\t\t<div class='gallery-icon landscape'>\n\t\t\t\t<a href='https:\/\/www.rubendario.cl\/sitio\/festival-de-la-voz-2014\/011-2\/'><img loading=\"lazy\" decoding=\"async\" width=\"150\" height=\"150\" src=\"https:\/\/www.rubendario.cl\/sitio\/wp-content\/uploads\/2014\/11\/011-150x150.jpg\" class=\"attachment-thumbnail size-thumbnail\" alt=\"\" \/><\/a>\n\t\t\t<\/div><\/figure><figure class='gallery-item'>\n\t\t\t<div class='gallery-icon landscape'>\n\t\t\t\t<a href='https:\/\/www.rubendario.cl\/sitio\/festival-de-la-voz-2014\/012-2\/'><img loading=\"lazy\" decoding=\"async\" width=\"150\" height=\"150\" src=\"https:\/\/www.rubendario.cl\/sitio\/wp-content\/uploads\/2014\/11\/012-150x150.jpg\" class=\"attachment-thumbnail size-thumbnail\" alt=\"\" \/><\/a>\n\t\t\t<\/div><\/figure><figure class='gallery-item'>\n\t\t\t<div class='gallery-icon landscape'>\n\t\t\t\t<a href='https:\/\/www.rubendario.cl\/sitio\/festival-de-la-voz-2014\/attachment\/013\/'><img loading=\"lazy\" decoding=\"async\" width=\"150\" height=\"150\" src=\"https:\/\/www.rubendario.cl\/sitio\/wp-content\/uploads\/2014\/11\/013-150x150.jpg\" class=\"attachment-thumbnail size-thumbnail\" alt=\"\" \/><\/a>\n\t\t\t<\/div><\/figure><figure class='gallery-item'>\n\t\t\t<div class='gallery-icon landscape'>\n\t\t\t\t<a href='https:\/\/www.rubendario.cl\/sitio\/festival-de-la-voz-2014\/attachment\/014\/'><img loading=\"lazy\" decoding=\"async\" width=\"150\" height=\"150\" src=\"https:\/\/www.rubendario.cl\/sitio\/wp-content\/uploads\/2014\/11\/014-150x150.jpg\" class=\"attachment-thumbnail size-thumbnail\" alt=\"\" \/><\/a>\n\t\t\t<\/div><\/figure><figure class='gallery-item'>\n\t\t\t<div class='gallery-icon landscape'>\n\t\t\t\t<a href='https:\/\/www.rubendario.cl\/sitio\/festival-de-la-voz-2014\/attachment\/015\/'><img loading=\"lazy\" decoding=\"async\" width=\"150\" height=\"150\" src=\"https:\/\/www.rubendario.cl\/sitio\/wp-content\/uploads\/2014\/11\/015-150x150.jpg\" class=\"attachment-thumbnail size-thumbnail\" alt=\"\" \/><\/a>\n\t\t\t<\/div><\/figure><figure class='gallery-item'>\n\t\t\t<div class='gallery-icon landscape'>\n\t\t\t\t<a href='https:\/\/www.rubendario.cl\/sitio\/festival-de-la-voz-2014\/attachment\/016\/'><img loading=\"lazy\" decoding=\"async\" width=\"150\" height=\"150\" src=\"https:\/\/www.rubendario.cl\/sitio\/wp-content\/uploads\/2014\/11\/016-150x150.jpg\" class=\"attachment-thumbnail size-thumbnail\" alt=\"\" \/><\/a>\n\t\t\t<\/div><\/figure><figure class='gallery-item'>\n\t\t\t<div class='gallery-icon landscape'>\n\t\t\t\t<a href='https:\/\/www.rubendario.cl\/sitio\/festival-de-la-voz-2014\/attachment\/017\/'><img loading=\"lazy\" decoding=\"async\" width=\"150\" height=\"150\" src=\"https:\/\/www.rubendario.cl\/sitio\/wp-content\/uploads\/2014\/11\/017-150x150.jpg\" class=\"attachment-thumbnail size-thumbnail\" alt=\"\" \/><\/a>\n\t\t\t<\/div><\/figure>\n\t\t<\/div>\n\n","protected":false},"excerpt":{"rendered":"<p>Un excelente espect\u00e1culo result\u00f3 el Primer Festival De la Voz, organizado por los Cuartos medios, el cual naci\u00f3 como un desaf\u00edo planteado desde la asignatura de Educaci\u00f3n Musical a cargo del profesor Luis Romero. Felicitamos a todos los alumnos y alumnas que participaron con hermosas canciones y a los organizadores, quienes viven su \u00faltimo a\u00f1o &hellip;<\/p>\n","protected":false},"author":1,"featured_media":0,"parent":0,"menu_order":0,"comment_status":"closed","ping_status":"open","template":"","meta":{"footnotes":""},"class_list":["post-5855","page","type-page","status-publish",""],"publishpress_future_action":{"enabled":false,"date":"2026-05-09 08:46:01","action":"change-status","newStatus":"draft","terms":[],"taxonomy":"","extraData":[]},"publishpress_future_workflow_manual_trigger":{"enabledWorkflows":[]},"_links":{"self":[{"href":"https:\/\/www.rubendario.cl\/sitio\/wp-json\/wp\/v2\/pages\/5855","targetHints":{"allow":["GET"]}}],"collection":[{"href":"https:\/\/www.rubendario.cl\/sitio\/wp-json\/wp\/v2\/pages"}],"about":[{"href":"https:\/\/www.rubendario.cl\/sitio\/wp-json\/wp\/v2\/types\/page"}],"author":[{"embeddable":true,"href":"https:\/\/www.rubendario.cl\/sitio\/wp-json\/wp\/v2\/users\/1"}],"replies":[{"embeddable":true,"href":"https:\/\/www.rubendario.cl\/sitio\/wp-json\/wp\/v2\/comments?post=5855"}],"version-history":[{"count":0,"href":"https:\/\/www.rubendario.cl\/sitio\/wp-json\/wp\/v2\/pages\/5855\/revisions"}],"wp:attachment":[{"href":"https:\/\/www.rubendario.cl\/sitio\/wp-json\/wp\/v2\/media?parent=5855"}],"curies":[{"name":"wp","href":"https:\/\/api.w.org\/{rel}","templated":true}]}}